{"id":5,"date":"2008-10-19T15:19:18","date_gmt":"2008-10-19T13:19:18","guid":{"rendered":"http:\/\/www.pudelzucht-jakob.de\/pudelzucht\/?page_id=5"},"modified":"2021-02-20T19:49:29","modified_gmt":"2021-02-20T17:49:29","slug":"wir","status":"publish","type":"page","link":"http:\/\/www.pudelzucht-jakob.de\/pudelzucht\/wir\/","title":{"rendered":"WIR"},"content":{"rendered":"<h1>Wir&#8230;<\/h1>\n<p>&#8230;das sind mein Mann Peter und ich Ria Jakob.<\/p>\n<p><a href=\"http:\/\/www.pudelzucht-jakob.de\/pudelzucht\/wp-content\/uploads\/2008\/11\/wir-2007-in-wangen.jpg\"><img loading=\"lazy\" decoding=\"async\" width=\"300\" height=\"198\" title=\"Wir-2007-in-Wangen\" class=\"alignnone size-medium wp-image-325\" alt=\"\" src=\"http:\/\/www.pudelzucht-jakob.de\/pudelzucht\/wp-content\/uploads\/2008\/11\/wir-2007-in-wangen-300x198.jpg\" srcset=\"http:\/\/www.pudelzucht-jakob.de\/pudelzucht\/wp-content\/uploads\/2008\/11\/wir-2007-in-wangen-300x198.jpg 300w, http:\/\/www.pudelzucht-jakob.de\/pudelzucht\/wp-content\/uploads\/2008\/11\/wir-2007-in-wangen.jpg 500w\" sizes=\"auto, (max-width: 300px) 100vw, 300px\" \/><\/a><\/p>\n<p>Zu unserer zweibeinigen Familie geh\u00f6ren zwei erwachsene Kinder:<\/p>\n<p>Tanja mit ihrem Ehemann Damien<\/p>\n<p><a href=\"http:\/\/www.pudelzucht-jakob.de\/pudelzucht\/wp-content\/uploads\/2008\/10\/image_0037.jpg\"><img loading=\"lazy\" decoding=\"async\" width=\"300\" height=\"225\" title=\"image_0037\" class=\"alignnone size-medium wp-image-153\" alt=\"\" src=\"http:\/\/www.pudelzucht-jakob.de\/pudelzucht\/wp-content\/uploads\/2008\/10\/image_0037-300x225.jpg\" srcset=\"http:\/\/www.pudelzucht-jakob.de\/pudelzucht\/wp-content\/uploads\/2008\/10\/image_0037-300x225.jpg 300w, http:\/\/www.pudelzucht-jakob.de\/pudelzucht\/wp-content\/uploads\/2008\/10\/image_0037.jpg 1000w\" sizes=\"auto, (max-width: 300px) 100vw, 300px\" \/><\/a><\/p>\n<p style=\"text-align: center;\">\n<p>und seit 10.04.2010 ihr Sohn Jamie<\/p>\n<p style=\"text-align: left;\"><a href=\"http:\/\/www.pudelzucht-jakob.de\/pudelzucht\/wp-content\/uploads\/2010\/04\/jamie-foto-klein2.jpg\"><img loading=\"lazy\" decoding=\"async\" width=\"300\" height=\"225\" title=\"jamie-foto-klein2\" class=\"alignnone size-medium wp-image-1750\" alt=\"\" src=\"http:\/\/www.pudelzucht-jakob.de\/pudelzucht\/wp-content\/uploads\/2010\/04\/jamie-foto-klein2-300x225.jpg\" srcset=\"http:\/\/www.pudelzucht-jakob.de\/pudelzucht\/wp-content\/uploads\/2010\/04\/jamie-foto-klein2-300x225.jpg 300w, http:\/\/www.pudelzucht-jakob.de\/pudelzucht\/wp-content\/uploads\/2010\/04\/jamie-foto-klein2.jpg 900w\" sizes=\"auto, (max-width: 300px) 100vw, 300px\" \/><\/a><a href=\"http:\/\/www.pudelzucht-jakob.de\/pudelzucht\/wp-content\/uploads\/2011\/11\/pict0026.jpg\"><img loading=\"lazy\" decoding=\"async\" width=\"300\" height=\"225\" title=\"pict0026\" class=\"alignnone size-medium wp-image-2553\" alt=\"\" src=\"http:\/\/www.pudelzucht-jakob.de\/pudelzucht\/wp-content\/uploads\/2011\/11\/pict0026-300x225.jpg\" srcset=\"http:\/\/www.pudelzucht-jakob.de\/pudelzucht\/wp-content\/uploads\/2011\/11\/pict0026-300x225.jpg 300w, http:\/\/www.pudelzucht-jakob.de\/pudelzucht\/wp-content\/uploads\/2011\/11\/pict0026.jpg 900w\" sizes=\"auto, (max-width: 300px) 100vw, 300px\" \/><\/a><\/p>\n<p style=\"text-align: left;\">am 24.2.2014 gesellte sich die kleine Karlotta dazu<\/p>\n<p style=\"text-align: left;\"><a href=\"http:\/\/www.pudelzucht-jakob.de\/pudelzucht\/wp-content\/uploads\/2014\/05\/img_6586.jpg\"><img loading=\"lazy\" decoding=\"async\" width=\"300\" height=\"200\" title=\"img_6586\" class=\"alignnone size-medium wp-image-3277\" alt=\"\" src=\"http:\/\/www.pudelzucht-jakob.de\/pudelzucht\/wp-content\/uploads\/2014\/05\/img_6586-300x200.jpg\" srcset=\"http:\/\/www.pudelzucht-jakob.de\/pudelzucht\/wp-content\/uploads\/2014\/05\/img_6586-300x200.jpg 300w, http:\/\/www.pudelzucht-jakob.de\/pudelzucht\/wp-content\/uploads\/2014\/05\/img_6586.jpg 900w\" sizes=\"auto, (max-width: 300px) 100vw, 300px\" \/><\/a><a href=\"http:\/\/www.pudelzucht-jakob.de\/pudelzucht\/wp-content\/uploads\/2014\/05\/img_6577.jpg\"><img loading=\"lazy\" decoding=\"async\" width=\"300\" height=\"200\" title=\"img_6577\" class=\"alignnone size-medium wp-image-3278\" alt=\"\" src=\"http:\/\/www.pudelzucht-jakob.de\/pudelzucht\/wp-content\/uploads\/2014\/05\/img_6577-300x200.jpg\" srcset=\"http:\/\/www.pudelzucht-jakob.de\/pudelzucht\/wp-content\/uploads\/2014\/05\/img_6577-300x200.jpg 300w, http:\/\/www.pudelzucht-jakob.de\/pudelzucht\/wp-content\/uploads\/2014\/05\/img_6577.jpg 900w\" sizes=\"auto, (max-width: 300px) 100vw, 300px\" \/><\/a><\/p>\n<p>und Peter mit seiner Ehefrau Melanie<\/p>\n<p><a href=\"http:\/\/www.pudelzucht-jakob.de\/pudelzucht\/wp-content\/uploads\/2008\/10\/peter-und-melanie.jpg\"><img loading=\"lazy\" decoding=\"async\" width=\"300\" height=\"224\" title=\"peter-und-melanie\" class=\"alignnone size-medium wp-image-154\" alt=\"\" src=\"http:\/\/www.pudelzucht-jakob.de\/pudelzucht\/wp-content\/uploads\/2008\/10\/peter-und-melanie-300x224.jpg\" srcset=\"http:\/\/www.pudelzucht-jakob.de\/pudelzucht\/wp-content\/uploads\/2008\/10\/peter-und-melanie-300x224.jpg 300w, http:\/\/www.pudelzucht-jakob.de\/pudelzucht\/wp-content\/uploads\/2008\/10\/peter-und-melanie.jpg 794w\" sizes=\"auto, (max-width: 300px) 100vw, 300px\" \/><\/a><\/p>\n<p style=\"text-align: center;\">\n<p>und seit 6.3.2013 ihre Tochter Sophia<\/p>\n<p style=\"text-align: left;\"><a href=\"http:\/\/www.pudelzucht-jakob.de\/pudelzucht\/wp-content\/uploads\/2013\/04\/img_4985.jpg\"><img loading=\"lazy\" decoding=\"async\" width=\"300\" height=\"197\" title=\"img_4985\" class=\"alignnone size-medium wp-image-3137\" alt=\"\" src=\"http:\/\/www.pudelzucht-jakob.de\/pudelzucht\/wp-content\/uploads\/2013\/04\/img_4985-300x197.jpg\" srcset=\"http:\/\/www.pudelzucht-jakob.de\/pudelzucht\/wp-content\/uploads\/2013\/04\/img_4985-300x197.jpg 300w, http:\/\/www.pudelzucht-jakob.de\/pudelzucht\/wp-content\/uploads\/2013\/04\/img_4985.jpg 900w\" sizes=\"auto, (max-width: 300px) 100vw, 300px\" \/><\/a><a href=\"http:\/\/www.pudelzucht-jakob.de\/pudelzucht\/wp-content\/uploads\/2013\/04\/ostern-2013-3.jpg\"><img loading=\"lazy\" decoding=\"async\" width=\"300\" height=\"202\" title=\"ostern-2013-3\" class=\"alignnone size-medium wp-image-3138\" alt=\"\" src=\"http:\/\/www.pudelzucht-jakob.de\/pudelzucht\/wp-content\/uploads\/2013\/04\/ostern-2013-3-300x202.jpg\" srcset=\"http:\/\/www.pudelzucht-jakob.de\/pudelzucht\/wp-content\/uploads\/2013\/04\/ostern-2013-3-300x202.jpg 300w, http:\/\/www.pudelzucht-jakob.de\/pudelzucht\/wp-content\/uploads\/2013\/04\/ostern-2013-3.jpg 900w\" sizes=\"auto, (max-width: 300px) 100vw, 300px\" \/><\/a><\/p>\n<p>Am 22.01.2019 erblickte nun ihre Tochter Annabell das Licht der Welt:<\/p>\n<p><a href=\"http:\/\/www.pudelzucht-jakob.de\/pudelzucht\/wp-content\/uploads\/2019\/02\/AnnabellzweiTagealt.jpg\"><img loading=\"lazy\" decoding=\"async\" src=\"http:\/\/www.pudelzucht-jakob.de\/pudelzucht\/wp-content\/uploads\/2019\/02\/AnnabellzweiTagealt-300x199.jpg\" alt=\"\" width=\"300\" height=\"199\" class=\"alignnone size-medium wp-image-4330\" srcset=\"http:\/\/www.pudelzucht-jakob.de\/pudelzucht\/wp-content\/uploads\/2019\/02\/AnnabellzweiTagealt-300x199.jpg 300w, http:\/\/www.pudelzucht-jakob.de\/pudelzucht\/wp-content\/uploads\/2019\/02\/AnnabellzweiTagealt-768x510.jpg 768w, http:\/\/www.pudelzucht-jakob.de\/pudelzucht\/wp-content\/uploads\/2019\/02\/AnnabellzweiTagealt.jpg 964w\" sizes=\"auto, (max-width: 300px) 100vw, 300px\" \/><\/a> <a href=\"http:\/\/www.pudelzucht-jakob.de\/pudelzucht\/wp-content\/uploads\/2019\/02\/SophiamitAnnabell.jpg\"><img loading=\"lazy\" decoding=\"async\" src=\"http:\/\/www.pudelzucht-jakob.de\/pudelzucht\/wp-content\/uploads\/2019\/02\/SophiamitAnnabell-225x300.jpg\" alt=\"\" width=\"225\" height=\"300\" class=\"alignnone size-medium wp-image-4333\" srcset=\"http:\/\/www.pudelzucht-jakob.de\/pudelzucht\/wp-content\/uploads\/2019\/02\/SophiamitAnnabell-225x300.jpg 225w, http:\/\/www.pudelzucht-jakob.de\/pudelzucht\/wp-content\/uploads\/2019\/02\/SophiamitAnnabell-768x1024.jpg 768w, http:\/\/www.pudelzucht-jakob.de\/pudelzucht\/wp-content\/uploads\/2019\/02\/SophiamitAnnabell.jpg 1200w\" sizes=\"auto, (max-width: 225px) 100vw, 225px\" \/><\/a><br \/>\n<a href=\"http:\/\/www.pudelzucht-jakob.de\/pudelzucht\/wp-content\/uploads\/2019\/02\/OmaRiamitAnnabell.jpg\"><img loading=\"lazy\" decoding=\"async\" src=\"http:\/\/www.pudelzucht-jakob.de\/pudelzucht\/wp-content\/uploads\/2019\/02\/OmaRiamitAnnabell-225x300.jpg\" alt=\"\" width=\"225\" height=\"300\" class=\"alignnone size-medium wp-image-4331\" srcset=\"http:\/\/www.pudelzucht-jakob.de\/pudelzucht\/wp-content\/uploads\/2019\/02\/OmaRiamitAnnabell-225x300.jpg 225w, http:\/\/www.pudelzucht-jakob.de\/pudelzucht\/wp-content\/uploads\/2019\/02\/OmaRiamitAnnabell-768x1024.jpg 768w, http:\/\/www.pudelzucht-jakob.de\/pudelzucht\/wp-content\/uploads\/2019\/02\/OmaRiamitAnnabell.jpg 1200w\" sizes=\"auto, (max-width: 225px) 100vw, 225px\" \/><\/a> <a href=\"http:\/\/www.pudelzucht-jakob.de\/pudelzucht\/wp-content\/uploads\/2019\/02\/OpaPetermitAnnabell.jpg\"><img loading=\"lazy\" decoding=\"async\" src=\"http:\/\/www.pudelzucht-jakob.de\/pudelzucht\/wp-content\/uploads\/2019\/02\/OpaPetermitAnnabell-225x300.jpg\" alt=\"\" width=\"225\" height=\"300\" class=\"alignnone size-medium wp-image-4332\" srcset=\"http:\/\/www.pudelzucht-jakob.de\/pudelzucht\/wp-content\/uploads\/2019\/02\/OpaPetermitAnnabell-225x300.jpg 225w, http:\/\/www.pudelzucht-jakob.de\/pudelzucht\/wp-content\/uploads\/2019\/02\/OpaPetermitAnnabell-768x1024.jpg 768w, http:\/\/www.pudelzucht-jakob.de\/pudelzucht\/wp-content\/uploads\/2019\/02\/OpaPetermitAnnabell.jpg 1200w\" sizes=\"auto, (max-width: 225px) 100vw, 225px\" \/><\/a><\/p>\n<p>Zu den vierbeinigen Familienmitglieder z\u00e4hlten Mirko+ (Kleinpudel schwarz), Felix+ (Kleinpudel aprikot) und Marlon+ (Kleinpudel schwarz). Aktuell leben bei uns die Kleinpudelh\u00fcndinnen Lillyfee (schwarz), Love (schwarz), Bibi Blocksberg (schwarz), TinkaBell (braun), Heidi (schwarz) und aus dem J-Wurf von Oktober 2019 verst\u00e4rkt nun Jellybean (schwarz) unser Pudelrudel. Zu uns geh\u00f6rt seit gut 12 Jahren auch die Katze Maja (Perser-Mix schwarzwei\u00df).<br \/>\nWir wohnen in Deggendorf Ortsteil Rettenbach im sch\u00f6nen Niederbayern. Hier besitzen wir seit 2005 ein Haus mit einem gro\u00dfen Garten, worin sich unsere Pudel so richtig wohl f\u00fchlen.<\/p>\n<p>Unser Haus vor und nach dem Poolbau:<\/p>\n<p><a href=\"http:\/\/www.pudelzucht-jakob.de\/pudelzucht\/wp-content\/uploads\/2008\/10\/unser-haus-10.jpg\"><img loading=\"lazy\" decoding=\"async\" width=\"300\" height=\"225\" title=\"Unser Haus mit Garten, hinten\" class=\"alignnone size-medium wp-image-145\" alt=\"\" src=\"http:\/\/www.pudelzucht-jakob.de\/pudelzucht\/wp-content\/uploads\/2008\/10\/unser-haus-10-300x225.jpg\" srcset=\"http:\/\/www.pudelzucht-jakob.de\/pudelzucht\/wp-content\/uploads\/2008\/10\/unser-haus-10-300x225.jpg 300w, http:\/\/www.pudelzucht-jakob.de\/pudelzucht\/wp-content\/uploads\/2008\/10\/unser-haus-10.jpg 900w\" sizes=\"auto, (max-width: 300px) 100vw, 300px\" \/><\/a> <a href=\"http:\/\/www.pudelzucht-jakob.de\/pudelzucht\/wp-content\/uploads\/2011\/11\/haus-mit-pool-2011-61.jpg\"><img loading=\"lazy\" decoding=\"async\" width=\"300\" height=\"225\" title=\"haus-mit-pool-2011-61\" class=\"alignnone size-medium wp-image-2554\" alt=\"\" src=\"http:\/\/www.pudelzucht-jakob.de\/pudelzucht\/wp-content\/uploads\/2011\/11\/haus-mit-pool-2011-61-300x225.jpg\" srcset=\"http:\/\/www.pudelzucht-jakob.de\/pudelzucht\/wp-content\/uploads\/2011\/11\/haus-mit-pool-2011-61-300x225.jpg 300w, http:\/\/www.pudelzucht-jakob.de\/pudelzucht\/wp-content\/uploads\/2011\/11\/haus-mit-pool-2011-61.jpg 900w\" sizes=\"auto, (max-width: 300px) 100vw, 300px\" \/><\/a><a href=\"http:\/\/www.pudelzucht-jakob.de\/pudelzucht\/wp-content\/uploads\/2011\/11\/pool-1.jpg\"><img loading=\"lazy\" decoding=\"async\" width=\"300\" height=\"225\" title=\"pool-1\" class=\"alignnone size-medium wp-image-2556\" alt=\"\" src=\"http:\/\/www.pudelzucht-jakob.de\/pudelzucht\/wp-content\/uploads\/2011\/11\/pool-1-300x225.jpg\" srcset=\"http:\/\/www.pudelzucht-jakob.de\/pudelzucht\/wp-content\/uploads\/2011\/11\/pool-1-300x225.jpg 300w, http:\/\/www.pudelzucht-jakob.de\/pudelzucht\/wp-content\/uploads\/2011\/11\/pool-1.jpg 900w\" sizes=\"auto, (max-width: 300px) 100vw, 300px\" \/><\/a><\/p>\n<p>Hier die Vorderseite unseres Anwesens:<\/p>\n<p><a href=\"http:\/\/www.pudelzucht-jakob.de\/pudelzucht\/wp-content\/uploads\/2011\/11\/haus-vorderseite-48.jpg\"><img loading=\"lazy\" decoding=\"async\" width=\"300\" height=\"225\" title=\"haus-vorderseite-48\" class=\"alignnone size-medium wp-image-2555\" alt=\"\" src=\"http:\/\/www.pudelzucht-jakob.de\/pudelzucht\/wp-content\/uploads\/2011\/11\/haus-vorderseite-48-300x225.jpg\" srcset=\"http:\/\/www.pudelzucht-jakob.de\/pudelzucht\/wp-content\/uploads\/2011\/11\/haus-vorderseite-48-300x225.jpg 300w, http:\/\/www.pudelzucht-jakob.de\/pudelzucht\/wp-content\/uploads\/2011\/11\/haus-vorderseite-48.jpg 900w\" sizes=\"auto, (max-width: 300px) 100vw, 300px\" \/><\/a><\/p>\n<p>Nun haben wir auch reichlich Platz&nbsp;zum&nbsp;Z\u00fcchten. Im April 2008 haben wir unseren Zwingernamen <strong>von der Rettenbacher Seewiesn<\/strong> international sch\u00fctzen lassen. Unsere gemeinsamen Hobbys sind unsere Hunde, Agility und unser Garten. Ich fotografiere gerne, am liebsten Blumenmakros (die halten wenigsten still).<\/p>\n<p>Agility&nbsp;betreiben wir schon seit vielen Jahren. Vor einigen Jahren habe ich beim VDP den Trainerschein erworben und kann somit unsere und andere Hunde in Agility ausbilden. Um st\u00e4ndig auf dem Laufenden zu bleiben besuche ich Seminare und Vortr\u00e4ge.<\/p>\n","protected":false},"excerpt":{"rendered":"<p>Wir&#8230; &#8230;das sind mein Mann Peter und ich Ria Jakob. Zu unserer zweibeinigen Familie geh\u00f6ren zwei erwachsene Kinder: Tanja mit ihrem Ehemann Damien und seit 10.04.2010 ihr Sohn Jamie am 24.2.2014 gesellte sich die kleine Karlotta dazu und Peter mit seiner Ehefrau Melanie und seit 6.3.2013 ihre Tochter Sophia Am 22.01.2019 erblickte nun ihre Tochter [&hellip;]<\/p>\n","protected":false},"author":2,"featured_media":0,"parent":0,"menu_order":1,"comment_status":"open","ping_status":"open","template":"","meta":{"footnotes":""},"class_list":["post-5","page","type-page","status-publish","hentry"],"_links":{"self":[{"href":"http:\/\/www.pudelzucht-jakob.de\/pudelzucht\/wp-json\/wp\/v2\/pages\/5","targetHints":{"allow":["GET"]}}],"collection":[{"href":"http:\/\/www.pudelzucht-jakob.de\/pudelzucht\/wp-json\/wp\/v2\/pages"}],"about":[{"href":"http:\/\/www.pudelzucht-jakob.de\/pudelzucht\/wp-json\/wp\/v2\/types\/page"}],"author":[{"embeddable":true,"href":"http:\/\/www.pudelzucht-jakob.de\/pudelzucht\/wp-json\/wp\/v2\/users\/2"}],"replies":[{"embeddable":true,"href":"http:\/\/www.pudelzucht-jakob.de\/pudelzucht\/wp-json\/wp\/v2\/comments?post=5"}],"version-history":[{"count":55,"href":"http:\/\/www.pudelzucht-jakob.de\/pudelzucht\/wp-json\/wp\/v2\/pages\/5\/revisions"}],"predecessor-version":[{"id":5048,"href":"http:\/\/www.pudelzucht-jakob.de\/pudelzucht\/wp-json\/wp\/v2\/pages\/5\/revisions\/5048"}],"wp:attachment":[{"href":"http:\/\/www.pudelzucht-jakob.de\/pudelzucht\/wp-json\/wp\/v2\/media?parent=5"}],"curies":[{"name":"wp","href":"https:\/\/api.w.org\/{rel}","templated":true}]}}